{"id":3531,"date":"2024-11-28T06:21:09","date_gmt":"2024-11-28T06:21:09","guid":{"rendered":"https:\/\/balanceyourlife.hu\/?page_id=3531"},"modified":"2024-11-28T06:22:06","modified_gmt":"2024-11-28T06:22:06","slug":"adventi-naptar-adatkezelesi-tajekoztato","status":"publish","type":"page","link":"https:\/\/balanceyourlife.hu\/de\/adventi-naptar-adatkezelesi-tajekoztato\/","title":{"rendered":"Adventi napt\u00e1r Adatkezel\u00e9si t\u00e1j\u00e9koztat\u00f3"},"content":{"rendered":"<div data-elementor-type=\"wp-page\" data-elementor-id=\"3531\" class=\"elementor elementor-3531\" data-elementor-post-type=\"page\">\n\t\t\t\t<div class=\"elementor-element elementor-element-1d1cba4 e-flex e-con-boxed e-con e-parent\" data-id=\"1d1cba4\" data-element_type=\"container\" data-e-type=\"container\">\n\t\t\t\t\t<div class=\"e-con-inner\">\n\t\t\t\t<div class=\"elementor-element elementor-element-9cf6d23 elementor-widget elementor-widget-heading\" data-id=\"9cf6d23\" data-element_type=\"widget\" data-e-type=\"widget\" data-widget_type=\"heading.default\">\n\t\t\t\t<div class=\"elementor-widget-container\">\n\t\t\t\t\t<h2 class=\"elementor-heading-title elementor-size-default\">Datenschutzbestimmungen\n<\/h2>\t\t\t\t<\/div>\n\t\t\t\t<\/div>\n\t\t\t\t<div class=\"elementor-element elementor-element-aee3e26 elementor-widget elementor-widget-text-editor\" data-id=\"aee3e26\" data-element_type=\"widget\" data-e-type=\"widget\" data-widget_type=\"text-editor.default\">\n\t\t\t\t<div class=\"elementor-widget-container\">\n\t\t\t\t\t\t\t\t\t<p><span style=\"font-weight: 400;\">Verarbeitet die von Ihnen zur Verf\u00fcgung gestellten personenbezogenen Daten:<\/span><\/p>\n<p><b>Name: Beatrix Sud\u00e1r<\/b><\/p>\n<p><b>Sitz:&nbsp; <\/b><span style=\"font-weight: 400;\">Allerheiligenstra\u00dfe 25. 4. Stock links,&nbsp;&nbsp;<\/span><\/p>\n<p><span style=\"font-weight: 400;\">Frankfurt am Main&nbsp;<\/span><\/p>\n<p><span style=\"font-weight: 400;\">60313&nbsp;<\/span><\/p>\n<p><b>Steuernummer:<\/b><span style=\"font-weight: 400;\"> 014 873 04163<\/span><\/p>\n<p><span style=\"font-weight: 400;\">Gericht der Registrierung: <\/span><span style=\"font-weight: 400;\">CX<\/span><span style=\"font-weight: 400;\"> Gerichtshof des Gerichts - nachstehend \"Gericht\" genannt: <\/span><b>Datenkontrolleur<\/b><span style=\"font-weight: 400;\">.<\/span><\/p>\n<p><span style=\"font-weight: 400;\">Bitte lesen Sie diesen Datenschutzhinweis (im Folgenden: <\/span><b>Factsheet<\/b><span style=\"font-weight: 400;\">), in der wir unsere Praktiken in Bezug auf die Verarbeitung Ihrer personenbezogenen Daten im Einklang mit der Allgemeinen Datenschutzverordnung (DSGVO, d. h. der Verordnung (EU) 2016\/679 des Europ\u00e4ischen Parlaments und des Rates) beschreiben. Dieser Hinweis gilt f\u00fcr Personen, die die Dienste des f\u00fcr die Verarbeitung Verantwortlichen als Verbraucher in Anspruch nehmen (<\/span><b>Sie<\/b><span style=\"font-weight: 400;\">) gilt. Darin wird beschrieben, wie der f\u00fcr die Verarbeitung Verantwortliche Ihre personenbezogenen Daten erhebt, verwendet und in bestimmten F\u00e4llen an Dritte weitergibt, und es enth\u00e4lt Informationen \u00fcber Ihre Rechte als \"betroffene Person\" in Bezug auf die Datenverarbeitung.<\/span><\/p>\n<p><span style=\"font-weight: 400;\">Der f\u00fcr die Datenverarbeitung Verantwortliche (<\/span><span style=\"font-weight: 400;\">Impressum<\/span><span style=\"font-weight: 400;\">) verpflichtet sich, die pers\u00f6nlichen Daten und die Privatsph\u00e4re von Personen zu sch\u00fctzen, die diese Website besuchen. Dieser Hinweis und diese Erkl\u00e4rung beziehen sich in erster Linie auf die Vertraulichkeit und den Schutz personenbezogener Daten von Kunden und Newsletter-Abonnenten \u00fcber das Internet, schlie\u00dfen aber auch Besucher der Website ein. Wir fassen zusammen, wie der Eigent\u00fcmer Informationen \u00fcber Sie sammeln und verwenden kann und wie diese verwendet werden k\u00f6nnen. Die Daten werden nicht an Unbefugte weitergegeben und werden in der in dieser Mitteilung beschriebenen Weise verwendet.<\/span><\/p>\n<p><span style=\"font-weight: 400;\">In besonderen F\u00e4llen kann der Zweck der Verarbeitung in den Vertr\u00e4gen ge\u00e4ndert werden, sofern die Bedingungen im Vertrag festgelegt sind.<\/span><\/p>\n<p><span style=\"font-weight: 400;\">Dieser Hinweis gibt Ihnen wichtige Informationen \u00fcber den Schutz Ihrer pers\u00f6nlichen Daten und Ihre Rechte. Wenn Sie mit diesen Bedingungen nicht einverstanden sind, haben Sie das Recht, die Nutzung der Website zu unterbrechen und das Surfen einzustellen, ohne pers\u00f6nliche Daten anzugeben.<\/span><\/p>\n<h3><b>ZUST\u00c4NDIGKEIT UND KONTAKTANGABEN DES F\u00dcR DIE VERARBEITUNG VERANTWORTLICHEN<\/b><\/h3>\n<p><b>1.1 Informationen zur Datenverwaltung<\/b><\/p>\n<p><span style=\"font-weight: 400;\">In Bezug auf die in dieser Mitteilung beschriebene Verarbeitung von Daten <\/span><b>Beatrix Sud\u00e1r<\/b><span style=\"font-weight: 400;\"> dem f\u00fcr die Verarbeitung Verantwortlichen (im Folgenden: <\/span><b>Datenkontrolleur<\/b><span style=\"font-weight: 400;\">).<\/span><\/p>\n<p><span style=\"font-weight: 400;\">Wenn Sie Kommentare, Fragen oder Beschwerden zu unseren Datenschutzpraktiken haben, wenden Sie sich bitte an uns: <\/span><b>Sud\u00e1r Beatrix, 1211 Budapest, Petz Ferenc u. 8. 9.Stock T\u00fcr 29<\/b><span style=\"font-weight: 400;\"> oder schreiben Sie an <\/span><a href=\"mailto:info@balanceyourlife.hu\"><span style=\"font-weight: 400;\">info@balanceyourlife.hu<\/span><\/a><span style=\"font-weight: 400;\"> an die folgende E-Mail-Adresse.<\/span><\/p>\n<table>\n<tbody>\n<tr>\n<td>\n<p><b>Datenkontrolleur<\/b><\/p>\n<\/td>\n<td>\n<p><b>Zust\u00e4ndigkeiten<\/b><\/p>\n<\/td>\n<\/tr>\n<tr>\n<td>\n<p><b>Beatrix Sud\u00e1r<\/b><\/p>\n<p><b>1211 Budapest, Petz Ferenc u. 8. 9.Stock T\u00fcr 29<\/b><\/p>\n<p><b>Imola M\u00e1zl\u00f3 Elf<\/b><\/p>\n<p><b>28010 Cavallirio, Via San Sebastiano 13<\/b><\/p><p><b>Rita Szk\u00e1losi<\/b><\/p><p><b>1118 Budapest, Reg\u0151s utca 10, 6. Stock, T\u00fcr 27<\/b><\/p>\n<\/td>\n<td>\n<p><span style=\"font-weight: 400;\">Aktivit\u00e4t insgesamt<\/span><\/p>\n<\/td>\n<\/tr>\n<\/tbody>\n<\/table>\n<p><span style=\"font-weight: 400;\">Sie k\u00f6nnen auf unsere Websites zugreifen, ohne personenbezogene Daten anzugeben, m\u00fcssen aber die Cookie-Richtlinie f\u00fcr das Surfen und den Datenschutzhinweis und die Datenschutzerkl\u00e4rung f\u00fcr das Abonnieren unseres Newsletters akzeptieren. Personenbezogene Daten sind alle Informationen, die sich auf eine nat\u00fcrliche Person beziehen, die direkt oder indirekt durch Bezugnahme auf eine Identifikationsnummer oder auf Daten, die sich auf diese Nummer beziehen, identifiziert werden kann. Falls der Inhaber der Website Ihre personenbezogenen Daten erhebt, wird die Datenerhebung auf transparente und vertrauliche Weise durchgef\u00fchrt.<\/span><\/p>\n<p><span style=\"font-weight: 400;\">Ihre pers\u00f6nlichen Daten sind Informationen, die es uns erm\u00f6glichen, Sie zu identifizieren, wie z.B. Ihr Name, Vorname, Nationalit\u00e4t, Telefonnummer, Postanschrift, E-Mail-Adresse. Ihre pers\u00f6nlichen Daten werden vom Eigent\u00fcmer freiwillig erhoben, wenn Sie auf der Website surfen, wobei in jedem Fall die Informationen angegeben werden, die Sie angeben m\u00fcssen, um den Zweck zu erreichen. Wenn Sie diese Daten nicht angeben m\u00f6chten, k\u00f6nnen Sie auf bestimmte Funktionen und Dienste der Website nicht zugreifen. Die Erhebung freiwilliger Daten dient dazu, die Bed\u00fcrfnisse der Nutzer zu verstehen und die Website und ihre Dienste zu verbessern.<\/span><\/p>\n<p><span style=\"font-weight: 400;\">Der Eigent\u00fcmer ergreift alle Ma\u00dfnahmen, um sicherzustellen, dass die von ihm verarbeiteten personenbezogenen Daten richtig und aktuell sind.<\/span><\/p>\n<p><b>Die folgenden personenbezogenen Daten werden verarbeitet:<\/b><\/p>\n<ul>\n<li style=\"font-weight: 400;\" aria-level=\"1\"><span style=\"font-weight: 400;\">Name, Vorname, Firmenname und Kontaktperson (f\u00fcr Unternehmen)<\/span><\/li>\n<li style=\"font-weight: 400;\" aria-level=\"1\"><span style=\"font-weight: 400;\">Anschrift des eingetragenen Sitzes (im Falle einer Gesellschaft), Adresse, Postanschrift<\/span><\/li>\n<li style=\"font-weight: 400;\" aria-level=\"1\"><span style=\"font-weight: 400;\">E-Mail Adresse<\/span><\/li>\n<li style=\"font-weight: 400;\" aria-level=\"1\"><span style=\"font-weight: 400;\">Rufnummer<\/span><\/li>\n<li style=\"font-weight: 400;\" aria-level=\"1\"><span style=\"font-weight: 400;\">Systeminformationen (IP-Adresse, Systemversion, Aufl\u00f6sung, Statistiken \u00fcber die auf der Website aufgerufenen Seiten, Browsing-Gewohnheiten, Verhaltensmuster)<\/span><\/li>\n<\/ul>\n<h3><b>Dauer der Datenverarbeitung:<\/b><\/h3>\n<ul>\n<li style=\"font-weight: 400;\" aria-level=\"1\"><span style=\"font-weight: 400;\">In Bezug auf die Zustimmung zum Direktmarketing, bis die Zustimmung des Nutzers zur\u00fcckgezogen wird<\/span><\/li>\n<li style=\"font-weight: 400;\" aria-level=\"1\"><span style=\"font-weight: 400;\">F\u00fcr Profildaten, 4 Jahre ab dem letzten Login<\/span><\/li>\n<li style=\"font-weight: 400;\" aria-level=\"1\"><span style=\"font-weight: 400;\">F\u00fcr Daten \u00fcber K\u00e4ufe: 8 Jahre gem\u00e4\u00df \u00a7 169 (2) des Rechnungslegungsgesetzes<\/span><\/li>\n<\/ul>\n<h3><b>Bedingungen f\u00fcr die Daten\u00fcbertragung<\/b><\/h3>\n<p><span style=\"font-weight: 400;\">Der f\u00fcr die Verarbeitung Verantwortliche kann, soweit erforderlich, die von ihm verarbeiteten Daten an Personen und Unternehmen \u00fcbermitteln, die von ihm als in den folgenden Bereichen t\u00e4tig bezeichnet werden:<\/span><\/p>\n<ul>\n<li style=\"font-weight: 400;\" aria-level=\"1\"><span style=\"font-weight: 400;\">Datenverarbeitung<\/span><\/li>\n<li style=\"font-weight: 400;\" aria-level=\"1\"><span style=\"font-weight: 400;\">Rechtliche Vertretung<\/span><\/li>\n<li style=\"font-weight: 400;\" aria-level=\"1\"><span style=\"font-weight: 400;\">Gesetzlich zur Streitbeilegung befugte Stellen<\/span><\/li>\n<li style=\"font-weight: 400;\" aria-level=\"1\"><span style=\"font-weight: 400;\">Zustellung per Hand<\/span><\/li>\n<li style=\"font-weight: 400;\" aria-level=\"1\"><span style=\"font-weight: 400;\">Buchhaltung<\/span><\/li>\n<li style=\"font-weight: 400;\" aria-level=\"1\"><span style=\"font-weight: 400;\">Verwaltung von Schadensf\u00e4llen<\/span><\/li>\n<li style=\"font-weight: 400;\" aria-level=\"1\"><span style=\"font-weight: 400;\">Marketing<\/span><\/li>\n<li style=\"font-weight: 400;\" aria-level=\"1\"><span style=\"font-weight: 400;\">Rechnungsstellung<\/span><\/li>\n<\/ul>\n<h3><b>Datenverarbeiter<\/b><\/h3>\n<p><span style=\"font-weight: 400;\">Bei einem Kauf in einem Webshop gibt der f\u00fcr die Datenverarbeitung Verantwortliche (je nach der vom Nutzer angegebenen Liefermethode) den Namen des Nutzers, die Lieferadresse (E-Mail-Adresse und Telefonnummer im Falle eines Kurierdienstes - um den Liefertermin zu koordinieren) und Informationen \u00fcber den Kaufpreis des abzuholenden Produkts (manchmal im Voraus bezahlt) an das Lieferunternehmen weiter, um das Produkt an den Nutzer zu liefern.<\/span><\/p>\n<h3><b>Unternehmen oder Personen, die an der Datenverarbeitung oder Datenbearbeitung beteiligt sind<\/b><\/h3>\n<p><span style=\"font-weight: 400;\">Der Eigent\u00fcmer, <\/span><b>Beatrix Sud\u00e1r<\/b><span style=\"font-weight: 400;\"> verwaltet die Daten. Neben dem Eigent\u00fcmer sind auch andere Unternehmen an der Verwaltung und Speicherung der Daten der Vertragskunden beteiligt.<\/span><\/p>\n<h3><b>Welche Unternehmen sind an der Datenverwaltung beteiligt?<\/b><\/h3>\n<p><span style=\"font-weight: 400;\">Die Unternehmen, die im Rahmen der T\u00e4tigkeit des Eigent\u00fcmers an der Datenverwaltung beteiligt sind:<\/span><\/p>\n<p><span style=\"font-weight: 400;\">Es ist erforderlich, alle Diensteanbieter aufzulisten, bei denen personenbezogene Daten angezeigt werden:<\/span><\/p>\n<ul>\n<li aria-level=\"1\"><b>Jennifer Kronauer, Buchhalterin<\/b><\/li>\n<\/ul>\n<p><span style=\"font-weight: 400;\">Obers\u00fclzer Stra\u00dfe 28, 67269 Gr\u00fcnstadt, Gesch\u00e4ftsf\u00fchrerin: Jennifer Kronauer. Sitz der Gesellschaft\/Registergericht: Ludwigshafen, Registernummer: HRB 67646<\/span><\/p>\n<ul>\n<li aria-level=\"1\"><b>MailerLite:<\/b><b>&nbsp;<\/b><\/li>\n<\/ul>\n<p><span style=\"font-weight: 400;\">(a) MailerLite Limited, ein in Irland registriertes Unternehmen mit Sitz in 38 Mount Street Upper, Dublin 2, D02 PR89 Irland, wenn die Rechnungsadresse des Kunden auf dem entsprechenden Bestellformular im EWR, Gro\u00dfbritannien oder der Schweiz liegt; oder<\/span><\/p>\n<p><span style=\"font-weight: 400;\">(b) MailerLite, Inc. eine Gesellschaft nach dem Recht des Bundesstaates Delaware, 548 Market St, PMB 98174, San Francisco, CA 94104-5401, Vereinigte Staaten, wenn die Rechnungsadresse des Kunden auf dem jeweiligen Bestellformular an einem anderen Ort der Welt liegt.<\/span><\/p>\n<p><span style=\"font-weight: 400;\">MailerLite bietet E-Mail-Marketing- und Automatisierungssoftware als Dienstleistung an. Wir verarbeiten personenbezogene Daten als Auftragsverarbeiter im Auftrag des Kunden.<\/span><\/p>\n<p><span style=\"font-weight: 400;\">Bitte lesen Sie unser&nbsp;<\/span><a href=\"https:\/\/www.mailerlite.com\/legal\/privacy-policy\"><span style=\"font-weight: 400;\">Datenschutzbestimmungen<\/span><\/a><span style=\"font-weight: 400;\">,&nbsp;<\/span><a href=\"https:\/\/www.mailerlite.com\/legal\/security-statement\"><span style=\"font-weight: 400;\">Sicherheitserkl\u00e4rung<\/span><\/a><span style=\"font-weight: 400;\">und&nbsp;<\/span><a href=\"https:\/\/www.mailerlite.com\/legal\/cookie-policy\"><span style=\"font-weight: 400;\">Cookie-Politik<\/span><\/a><span style=\"font-weight: 400;\"> Adresse, Kontaktangaben - Link zur Datenschutzerkl\u00e4rung<\/span><\/p>\n<ul>\n<li style=\"font-weight: 400;\" aria-level=\"1\"><b>Google Inc.<\/b><span style=\"font-weight: 400;\">1600 Amphitheatre Parkway, Mountain View, CA 94043, USA, <\/span><a href=\"https:\/\/www.google.hu\/intl\/hu\/contact\/\"><span style=\"font-weight: 400;\">weitere Kontaktinformationen<\/span><\/a><span style=\"font-weight: 400;\">Mailsystem, Daten- und Dateispeicherung in der Cloud, Online-Dokumentenverwaltung und Unterst\u00fctzung f\u00fcr Google Drive, Google Docs, Google Search Console, Google Analytics, Google AdSense, Google AdWords, YouTube, Blogger, Chrome-Browser -<\/span> <span style=\"font-weight: 400;\">Google <\/span><a href=\"https:\/\/support.google.com\/a\/answer\/60762?hl=en\"><span style=\"font-weight: 400;\">Datenschutz<\/span><\/a><span style=\"font-weight: 400;\"> und <\/span><a href=\"https:\/\/policies.google.com\/privacy?hl=hu\"><span style=\"font-weight: 400;\">Datenschutzgrunds\u00e4tze<\/span><\/a><span style=\"font-weight: 400;\">.<\/span><\/li>\n<li style=\"font-weight: 400;\" aria-level=\"1\"><b>Facebook Irland Ltd.<\/b><span style=\"font-weight: 400;\">4 Grand Canal Square, Grand Canal Harbour, Dublin 2 Irland, Unterst\u00fctzung f\u00fcr Facebook, Instagram, Messenger und andere von Facebook angebotene Produkte und Funktionen -<\/span><a href=\"https:\/\/www.facebook.com\/about\/privacy\/update\"> <span style=\"font-weight: 400;\">Datenverarbeitungspolitik<\/span><\/a><span style=\"font-weight: 400;\"> und Datenschutzbeauftragter<\/span><a href=\"https:\/\/www.facebook.com\/help\/contact\/540977946302970\"> <span style=\"font-weight: 400;\">Kontaktinformationen<\/span><span style=\"font-weight: 400;\">.<\/span><\/a><\/li>\n<li style=\"font-weight: 400;\" aria-level=\"1\"><b>Twitter Internationales Unternehmen<\/b><span style=\"font-weight: 400;\">One Cumberland Place, Fenian Street, Dublin 2, D02 AX07 IRELAND, unter Verwendung der von Twitter angebotenen Produkte und Funktionen -<\/span><a href=\"https:\/\/twitter.com\/en\/privacy\"> <span style=\"font-weight: 400;\">Datenverarbeitungspolitik<\/span><\/a><span style=\"font-weight: 400;\"> und<\/span><a href=\"https:\/\/twitter.com\/en\/tos\"> <span style=\"font-weight: 400;\">acef<\/span><\/a><span style=\"font-weight: 400;\">.<\/span><\/li>\n<\/ul>\n<h3><b>Eigentumsrechte an Daten und Durchsetzung<\/b><\/h3>\n<p><span style=\"font-weight: 400;\">Wenn Sie nicht wollen, dass Ihre personenbezogenen Daten f\u00fcr kommerzielle Angebote verwendet werden, haben Sie das Recht, dem ohne Angabe von Gr\u00fcnden zu widersprechen. Ihren Antrag auf L\u00f6schung m\u00fcssen Sie schriftlich, per E-Mail oder per Post an den f\u00fcr die Verarbeitung Verantwortlichen richten, und zwar an folgende Adresse <\/span><span style=\"font-weight: 400;\">Rechtlicher Hinweis<\/span><span style=\"font-weight: 400;\"> zu den angegebenen Kontaktdaten.<\/span><\/p>\n<h3><b>Schutz der personenbezogenen Daten von Minderj\u00e4hrigen und Personen mit eingeschr\u00e4nkter Handlungsf\u00e4higkeit<\/b><\/h3>\n<p><b>Beatrix Sud\u00e1r<\/b><span style=\"font-weight: 400;\"> seine Website und der Inhalt seiner Ver\u00f6ffentlichungen richten sich haupts\u00e4chlich an Minderj\u00e4hrige unter 13 Jahren. Wir verarbeiten oder sammeln keine personenbezogenen Daten von Kindern unter 13 Jahren ohne die nachweisliche Zustimmung der Eltern oder Erziehungsberechtigten. Eltern oder Erziehungsberechtigte k\u00f6nnen die Freigabe oder L\u00f6schung von Informationen \u00fcber ein Kind verlangen. Wenn das Alter dem f\u00fcr die Verarbeitung Verantwortlichen im Laufe der Verarbeitung bekannt wird, k\u00f6nnen die Daten verwendet werden, um die Zustimmung der Eltern einzuholen.<\/span><\/p>\n<p><span style=\"font-weight: 400;\">F\u00fcr die Erkl\u00e4rung eines entm\u00fcndigten oder beschr\u00e4nkt gesch\u00e4ftsf\u00e4higen Minderj\u00e4hrigen ist die Zustimmung eines gesetzlichen Vertreters erforderlich, au\u00dfer f\u00fcr die Teile der Dienstleistung, die zur Registrierung bestimmt sind und keiner besonderen Ber\u00fccksichtigung bed\u00fcrfen.<\/span><\/p>\n<h3><b>Cookie-Verwaltung (Cookies)<\/b><\/h3>\n<p><span style=\"font-weight: 400;\">Weitere Informationen dar\u00fcber, wie wir Cookies verwenden, finden Sie in unserer Cookie-Erkl\u00e4rung.<\/span><\/p>\n<h3><b>Konzepte<\/b><\/h3>\n<ul>\n<li style=\"font-weight: 400;\" aria-level=\"1\"><b>Datenverarbeiter: <\/b><span style=\"font-weight: 400;\">eine nat\u00fcrliche oder juristische Person, Beh\u00f6rde, Einrichtung oder jede andere Stelle, die personenbezogene Daten im Auftrag des f\u00fcr die Verarbeitung Verantwortlichen verarbeitet<\/span><\/li>\n<li style=\"font-weight: 400;\" aria-level=\"1\"><b>Datenverwaltung: <\/b><span style=\"font-weight: 400;\">jeder mit oder ohne Hilfe automatisierter Verfahren ausgef\u00fchrte Vorgang oder jede Vorgangsreihe im Zusammenhang mit personenbezogenen Daten oder einer Reihe personenbezogener Daten wie das Erheben, das Erfassen, die Organisation, die Strukturierung, die Speicherung, die Anpassung, die Ver\u00e4nderung, das Auslesen, das Abfragen, die Benutzung, die Weitergabe, die \u00dcbermittlung, die Verbreitung, die Bereitstellung auf anderem Wege, die Verkn\u00fcpfung, die Einschr\u00e4nkung, das L\u00f6schen oder die Vernichtung<\/span><\/li>\n<li style=\"font-weight: 400;\" aria-level=\"1\"><b>Daten\u00fcbertragung:<\/b><span style=\"font-weight: 400;\"> Bereitstellung der von dem f\u00fcr die Verarbeitung Verantwortlichen verarbeiteten personenbezogenen Daten f\u00fcr Dritte<\/span><\/li>\n<li style=\"font-weight: 400;\" aria-level=\"1\"><b>Datenschutzverletzung: <\/b><span style=\"font-weight: 400;\">eine Verletzung der Sicherheit, die zur zuf\u00e4lligen oder unrechtm\u00e4\u00dfigen Zerst\u00f6rung, zum Verlust, zur Ver\u00e4nderung, zur unbefugten Weitergabe oder zum Zugriff auf \u00fcbermittelte, gespeicherte oder anderweitig verarbeitete personenbezogene Daten f\u00fchrt<\/span><\/li>\n<li style=\"font-weight: 400;\" aria-level=\"1\"><b>GTC<\/b><span style=\"font-weight: 400;\">die auf der Website ver\u00f6ffentlichten Allgemeinen Verkaufsbedingungen f\u00fcr die Produkte und Dienstleistungen des Inhabers der Datenverarbeitung<\/span><\/li>\n<li style=\"font-weight: 400;\" aria-level=\"1\"><b>Identifizierbare nat\u00fcrliche Person:<\/b><span style=\"font-weight: 400;\"> eine nat\u00fcrliche Person, die direkt oder indirekt anhand eines oder mehrerer Merkmale identifiziert werden kann, die Ausdruck ihrer physischen, physiologischen, genetischen, psychischen, wirtschaftlichen, kulturellen oder sozialen Identit\u00e4t sind, z. B. Name, Kennnummer, Standortdaten, Online-Kennung oder eine andere Kennung<\/span><\/li>\n<li style=\"font-weight: 400;\" aria-level=\"1\"><b>Adressat:<\/b><span style=\"font-weight: 400;\"> eine nat\u00fcrliche oder juristische Person, Beh\u00f6rde, Einrichtung oder jede andere Stelle, an die die personenbezogenen Daten weitergegeben werden, unabh\u00e4ngig davon, ob es sich um einen Dritten handelt oder nicht<\/span><\/li>\n<li style=\"font-weight: 400;\" aria-level=\"1\"><b>Zustimmung der betroffenen Person:<\/b><span style=\"font-weight: 400;\"> eine aus freien St\u00fccken, f\u00fcr den konkreten Fall, in Kenntnis der Sachlage und unmissverst\u00e4ndlich abgegebene Willensbekundung der betroffenen Person, mit der sie durch eine Erkl\u00e4rung oder durch eine Handlung, die ihre eindeutige Zustimmung zum Ausdruck bringt, ihr Einverst\u00e4ndnis mit der Verarbeitung der sie betreffenden personenbezogenen Daten zum Ausdruck bringt<\/span><\/li>\n<li style=\"font-weight: 400;\" aria-level=\"1\"><b>Betroffen sind:<\/b><span style=\"font-weight: 400;\"> eine nat\u00fcrliche Person, die durch eine Information identifiziert oder identifizierbar ist<\/span><\/li>\n<li style=\"font-weight: 400;\" aria-level=\"1\"><b>Benutzer:<\/b><span style=\"font-weight: 400;\"> Besucher der vom f\u00fcr die Datenverarbeitung Verantwortlichen betriebenen Websites, die \u00fcber die Website http:\/\/www.balanceyourlife.hu und andere dort angegebene Adressen zug\u00e4nglich sind<\/span><\/li>\n<li style=\"font-weight: 400;\" aria-level=\"1\"><b>Dritte Partei:<\/b><span style=\"font-weight: 400;\"> eine nat\u00fcrliche oder juristische Person, Beh\u00f6rde, Einrichtung oder andere Stelle mit Ausnahme der betroffenen Person, des f\u00fcr die Verarbeitung Verantwortlichen, des Auftragsverarbeiters oder der Personen, die unter der unmittelbaren Verantwortung des f\u00fcr die Verarbeitung Verantwortlichen oder des Auftragsverarbeiters befugt sind, die personenbezogenen Daten zu verarbeiten<\/span><\/li>\n<li style=\"font-weight: 400;\" aria-level=\"1\"><b>Beh\u00f6rde: <\/b><span style=\"font-weight: 400;\">Nationale Beh\u00f6rde f\u00fcr Datenschutz und Informationsfreiheit (Sitz: 1125 Budapest, Szil\u00e1gyi Erzs\u00e9bet fasor 22\/c., Telefon: 06-1 391-1400, Fax: 06-1 391-1410, E-Mail: ugyfelszolgalat@naih.hu, Website: naih.hu)<\/span><\/li>\n<li style=\"font-weight: 400;\" aria-level=\"1\"><b>Partner\/Kunde:<\/b><span style=\"font-weight: 400;\"> eine nat\u00fcrliche Person, die mit dem f\u00fcr die Datenverarbeitung Verantwortlichen keinen Vertrag \u00fcber den Verkauf eines Produkts oder die Erbringung einer Dienstleistung \u00fcber eine Website eingeht<\/span><\/li>\n<li style=\"font-weight: 400;\" aria-level=\"1\"><b>Anmeldung: <\/b><span style=\"font-weight: 400;\">die Erfassung personenbezogener Daten des Nutzers der Website beim Anlegen eines Benutzerkontos<\/span><\/li>\n<li style=\"font-weight: 400;\" aria-level=\"1\"><b>Pers\u00f6nliche Daten:<\/b><span style=\"font-weight: 400;\"> alle Informationen, die sich auf die betroffene Person beziehen<\/span><\/li>\n<li style=\"font-weight: 400;\" aria-level=\"1\"><b>Dienst: <\/b><span style=\"font-weight: 400;\">den Verkauf von Produkten und andere Dienstleistungen, die der f\u00fcr die Datenverarbeitung Verantwortliche seinen Kunden, Partnern und Nutzern auf der Website oder anderweitig anbietet, wie in den AGB beschrieben<\/span><\/li>\n<li style=\"font-weight: 400;\" aria-level=\"1\"><b>Website:<\/b><span style=\"font-weight: 400;\"> die von dem f\u00fcr die Datenverarbeitung Verantwortlichen betrieben werden, <\/span><b>Beatrix Sud\u00e1r<\/b><span style=\"font-weight: 400;\"> und andere Websites, die unter den dort angegebenen Adressen verf\u00fcgbar sind<\/span><\/li>\n<\/ul>\t\t\t\t\t\t\t\t<\/div>\n\t\t\t\t<\/div>\n\t\t\t\t\t<\/div>\n\t\t\t\t<\/div>\n\t\t\t\t<\/div>","protected":false},"excerpt":{"rendered":"<p>Adatv\u00e9delmi ir\u00e1nyelvek Az \u00d6n \u00e1ltal megadott szem\u00e9lyes adatokat kezeli: N\u00e9v: Sud\u00e1r Beatrix Sz\u00e9khely:&nbsp; Allerheiligenstrasse 25. 4. OG li,&nbsp;&nbsp; Frankfurt am Main&nbsp; 60313&nbsp; Ad\u00f3sz\u00e1m: 014 873 04163 Nyilv\u00e1ntart\u00e1sba bejegyz\u0151 b\u00edr\u00f3s\u00e1g: CX T\u00f6rv\u00e9nysz\u00e9k C\u00e9gb\u00edr\u00f3s\u00e1ga &#8211; a tov\u00e1bbiakban: Adatkezel\u0151. K\u00e9rj\u00fck, figyelmesen olvassa el jelen adatkezel\u00e9si t\u00e1j\u00e9koztat\u00f3nkat (a tov\u00e1bbiakban: T\u00e1j\u00e9koztat\u00f3), melyben szem\u00e9lyes adatai kezel\u00e9s\u00e9t \u00e9rint\u0151 gyakorlatunkat ismertetj\u00fck az \u00c1ltal\u00e1nos [&hellip;]<\/p>\n","protected":false},"author":2,"featured_media":0,"parent":0,"menu_order":0,"comment_status":"closed","ping_status":"closed","template":"elementor_header_footer","meta":{"footnotes":""},"class_list":["post-3531","page","type-page","status-publish","hentry"],"acf":[],"yoast_head":"<!-- This site is optimized with the Yoast SEO Premium plugin v27.3 (Yoast SEO v27.3) - https:\/\/yoast.com\/product\/yoast-seo-premium-wordpress\/ -->\n<title>Adventi napt\u00e1r Adatkezel\u00e9si t\u00e1j\u00e9koztat\u00f3 - Balance Your Life<\/title>\n<meta name=\"robots\" content=\"index, follow, max-snippet:-1, max-image-preview:large, max-video-preview:-1\" \/>\n<link rel=\"canonical\" href=\"https:\/\/balanceyourlife.hu\/de\/adventi-naptar-adatkezelesi-tajekoztato\/\" \/>\n<meta property=\"og:locale\" content=\"de_DE\" \/>\n<meta property=\"og:type\" content=\"article\" \/>\n<meta property=\"og:title\" content=\"Adventi napt\u00e1r Adatkezel\u00e9si t\u00e1j\u00e9koztat\u00f3\" \/>\n<meta property=\"og:description\" content=\"Adatv\u00e9delmi ir\u00e1nyelvek Az \u00d6n \u00e1ltal megadott szem\u00e9lyes adatokat kezeli: N\u00e9v: Sud\u00e1r Beatrix Sz\u00e9khely:&nbsp; Allerheiligenstrasse 25. 4. OG li,&nbsp;&nbsp; Frankfurt am Main&nbsp; 60313&nbsp; Ad\u00f3sz\u00e1m: 014 873 04163 Nyilv\u00e1ntart\u00e1sba bejegyz\u0151 b\u00edr\u00f3s\u00e1g: CX T\u00f6rv\u00e9nysz\u00e9k C\u00e9gb\u00edr\u00f3s\u00e1ga &#8211; a tov\u00e1bbiakban: Adatkezel\u0151. K\u00e9rj\u00fck, figyelmesen olvassa el jelen adatkezel\u00e9si t\u00e1j\u00e9koztat\u00f3nkat (a tov\u00e1bbiakban: T\u00e1j\u00e9koztat\u00f3), melyben szem\u00e9lyes adatai kezel\u00e9s\u00e9t \u00e9rint\u0151 gyakorlatunkat ismertetj\u00fck az \u00c1ltal\u00e1nos [&hellip;]\" \/>\n<meta property=\"og:url\" content=\"https:\/\/balanceyourlife.hu\/de\/adventi-naptar-adatkezelesi-tajekoztato\/\" \/>\n<meta property=\"og:site_name\" content=\"Balance Your Life\" \/>\n<meta property=\"article:modified_time\" content=\"2024-11-28T06:22:06+00:00\" \/>\n<meta name=\"twitter:card\" content=\"summary_large_image\" \/>\n<meta name=\"twitter:label1\" content=\"Gesch\u00e4tzte Lesezeit\" \/>\n\t<meta name=\"twitter:data1\" content=\"8\u00a0Minuten\" \/>\n<script type=\"application\/ld+json\" class=\"yoast-schema-graph\">{\"@context\":\"https:\\\/\\\/schema.org\",\"@graph\":[{\"@type\":\"WebPage\",\"@id\":\"https:\\\/\\\/balanceyourlife.hu\\\/adventi-naptar-adatkezelesi-tajekoztato\\\/\",\"url\":\"https:\\\/\\\/balanceyourlife.hu\\\/adventi-naptar-adatkezelesi-tajekoztato\\\/\",\"name\":\"Adventi napt\u00e1r Adatkezel\u00e9si t\u00e1j\u00e9koztat\u00f3 - Balance Your Life\",\"isPartOf\":{\"@id\":\"https:\\\/\\\/balanceyourlife.hu\\\/#website\"},\"datePublished\":\"2024-11-28T06:21:09+00:00\",\"dateModified\":\"2024-11-28T06:22:06+00:00\",\"breadcrumb\":{\"@id\":\"https:\\\/\\\/balanceyourlife.hu\\\/adventi-naptar-adatkezelesi-tajekoztato\\\/#breadcrumb\"},\"inLanguage\":\"de\",\"potentialAction\":[{\"@type\":\"ReadAction\",\"target\":[\"https:\\\/\\\/balanceyourlife.hu\\\/adventi-naptar-adatkezelesi-tajekoztato\\\/\"]}]},{\"@type\":\"BreadcrumbList\",\"@id\":\"https:\\\/\\\/balanceyourlife.hu\\\/adventi-naptar-adatkezelesi-tajekoztato\\\/#breadcrumb\",\"itemListElement\":[{\"@type\":\"ListItem\",\"position\":1,\"name\":\"Kezd\u0151lap\",\"item\":\"https:\\\/\\\/balanceyourlife.hu\\\/\"},{\"@type\":\"ListItem\",\"position\":2,\"name\":\"Adventi napt\u00e1r Adatkezel\u00e9si t\u00e1j\u00e9koztat\u00f3\"}]},{\"@type\":\"WebSite\",\"@id\":\"https:\\\/\\\/balanceyourlife.hu\\\/#website\",\"url\":\"https:\\\/\\\/balanceyourlife.hu\\\/\",\"name\":\"Balance Your Life\",\"description\":\"Sud\u00e1r Beatrix - \u00c9letm\u00f3d manager\",\"potentialAction\":[{\"@type\":\"SearchAction\",\"target\":{\"@type\":\"EntryPoint\",\"urlTemplate\":\"https:\\\/\\\/balanceyourlife.hu\\\/?s={search_term_string}\"},\"query-input\":{\"@type\":\"PropertyValueSpecification\",\"valueRequired\":true,\"valueName\":\"search_term_string\"}}],\"inLanguage\":\"de\"}]}<\/script>\n<!-- \/ Yoast SEO Premium plugin. -->","yoast_head_json":{"title":"Adventi napt\u00e1r Adatkezel\u00e9si t\u00e1j\u00e9koztat\u00f3 - Balance Your Life","robots":{"index":"index","follow":"follow","max-snippet":"max-snippet:-1","max-image-preview":"max-image-preview:large","max-video-preview":"max-video-preview:-1"},"canonical":"https:\/\/balanceyourlife.hu\/de\/adventi-naptar-adatkezelesi-tajekoztato\/","og_locale":"de_DE","og_type":"article","og_title":"Adventi napt\u00e1r Adatkezel\u00e9si t\u00e1j\u00e9koztat\u00f3","og_description":"Adatv\u00e9delmi ir\u00e1nyelvek Az \u00d6n \u00e1ltal megadott szem\u00e9lyes adatokat kezeli: N\u00e9v: Sud\u00e1r Beatrix Sz\u00e9khely:&nbsp; Allerheiligenstrasse 25. 4. OG li,&nbsp;&nbsp; Frankfurt am Main&nbsp; 60313&nbsp; Ad\u00f3sz\u00e1m: 014 873 04163 Nyilv\u00e1ntart\u00e1sba bejegyz\u0151 b\u00edr\u00f3s\u00e1g: CX T\u00f6rv\u00e9nysz\u00e9k C\u00e9gb\u00edr\u00f3s\u00e1ga &#8211; a tov\u00e1bbiakban: Adatkezel\u0151. K\u00e9rj\u00fck, figyelmesen olvassa el jelen adatkezel\u00e9si t\u00e1j\u00e9koztat\u00f3nkat (a tov\u00e1bbiakban: T\u00e1j\u00e9koztat\u00f3), melyben szem\u00e9lyes adatai kezel\u00e9s\u00e9t \u00e9rint\u0151 gyakorlatunkat ismertetj\u00fck az \u00c1ltal\u00e1nos [&hellip;]","og_url":"https:\/\/balanceyourlife.hu\/de\/adventi-naptar-adatkezelesi-tajekoztato\/","og_site_name":"Balance Your Life","article_modified_time":"2024-11-28T06:22:06+00:00","twitter_card":"summary_large_image","twitter_misc":{"Gesch\u00e4tzte Lesezeit":"8\u00a0Minuten"},"schema":{"@context":"https:\/\/schema.org","@graph":[{"@type":"WebPage","@id":"https:\/\/balanceyourlife.hu\/adventi-naptar-adatkezelesi-tajekoztato\/","url":"https:\/\/balanceyourlife.hu\/adventi-naptar-adatkezelesi-tajekoztato\/","name":"Adventi napt\u00e1r Adatkezel\u00e9si t\u00e1j\u00e9koztat\u00f3 - Balance Your Life","isPartOf":{"@id":"https:\/\/balanceyourlife.hu\/#website"},"datePublished":"2024-11-28T06:21:09+00:00","dateModified":"2024-11-28T06:22:06+00:00","breadcrumb":{"@id":"https:\/\/balanceyourlife.hu\/adventi-naptar-adatkezelesi-tajekoztato\/#breadcrumb"},"inLanguage":"de","potentialAction":[{"@type":"ReadAction","target":["https:\/\/balanceyourlife.hu\/adventi-naptar-adatkezelesi-tajekoztato\/"]}]},{"@type":"BreadcrumbList","@id":"https:\/\/balanceyourlife.hu\/adventi-naptar-adatkezelesi-tajekoztato\/#breadcrumb","itemListElement":[{"@type":"ListItem","position":1,"name":"Kezd\u0151lap","item":"https:\/\/balanceyourlife.hu\/"},{"@type":"ListItem","position":2,"name":"Adventi napt\u00e1r Adatkezel\u00e9si t\u00e1j\u00e9koztat\u00f3"}]},{"@type":"WebSite","@id":"https:\/\/balanceyourlife.hu\/#website","url":"https:\/\/balanceyourlife.hu\/","name":"Ihr Leben im Gleichgewicht","description":"Sud\u00e1r Beatrix - Lebensstil-Managerin","potentialAction":[{"@type":"SearchAction","target":{"@type":"EntryPoint","urlTemplate":"https:\/\/balanceyourlife.hu\/?s={search_term_string}"},"query-input":{"@type":"PropertyValueSpecification","valueRequired":true,"valueName":"search_term_string"}}],"inLanguage":"de"}]}},"_links":{"self":[{"href":"https:\/\/balanceyourlife.hu\/de\/wp-json\/wp\/v2\/pages\/3531","targetHints":{"allow":["GET"]}}],"collection":[{"href":"https:\/\/balanceyourlife.hu\/de\/wp-json\/wp\/v2\/pages"}],"about":[{"href":"https:\/\/balanceyourlife.hu\/de\/wp-json\/wp\/v2\/types\/page"}],"author":[{"embeddable":true,"href":"https:\/\/balanceyourlife.hu\/de\/wp-json\/wp\/v2\/users\/2"}],"replies":[{"embeddable":true,"href":"https:\/\/balanceyourlife.hu\/de\/wp-json\/wp\/v2\/comments?post=3531"}],"version-history":[{"count":4,"href":"https:\/\/balanceyourlife.hu\/de\/wp-json\/wp\/v2\/pages\/3531\/revisions"}],"predecessor-version":[{"id":3763,"href":"https:\/\/balanceyourlife.hu\/de\/wp-json\/wp\/v2\/pages\/3531\/revisions\/3763"}],"wp:attachment":[{"href":"https:\/\/balanceyourlife.hu\/de\/wp-json\/wp\/v2\/media?parent=3531"}],"curies":[{"name":"wp","href":"https:\/\/api.w.org\/{rel}","templated":true}]}}