{"id":3210,"date":"2024-12-09T01:00:00","date_gmt":"2024-12-09T00:00:00","guid":{"rendered":"https:\/\/balanceyourlife.hu\/?post_type=door&#038;p=3210"},"modified":"2024-12-09T00:57:13","modified_gmt":"2024-12-08T23:57:13","slug":"9","status":"publish","type":"door","link":"https:\/\/balanceyourlife.hu\/de\/door\/9\/","title":{"rendered":"9. Dezember"},"content":{"rendered":"<h2 class=\"wp-block-heading\" id=\"h-december-9\" style=\"font-size:20px\"><strong>9. Dezember<\/strong><\/h2>\n\n\n\n<div style=\"height:86px\" aria-hidden=\"true\" class=\"wp-block-spacer\"><\/div>\n\n\n\n<h2 class=\"wp-block-heading has-black-color has-text-color has-link-color wp-elements-4a0b716c37d3e6b1700a5ad18828743c\" id=\"h-legyel-te-az-elso-onmagad-szamara-hogy-masoknak-is-a-legtobbet-tudd-adni\" style=\"font-size:20px\"><strong>Sei der Erste f\u00fcr dich selbst, damit du anderen dein Bestes geben kannst<\/strong><\/h2>\n\n\n\n<div style=\"height:74px\" aria-hidden=\"true\" class=\"wp-block-spacer\"><\/div>\n\n\n\n<h4 class=\"wp-block-heading has-black-color has-text-color has-link-color wp-elements-95e4e860e70ea014faa64a900c98395c\" id=\"h-ebben-az-adventi-idoszakban-talan-te-is-ugy-erezheted-hogy-mindenre-es-mindenkire-figyelned-kell-csalad-baratok-munkatarsak-ajandekok-keszulodes\" style=\"font-size:20px\">In dieser Adventszeit haben Sie vielleicht das Gef\u00fchl, sich um alles und jeden k\u00fcmmern zu m\u00fcssen - Familie, Freunde, Kollegen, Geschenke, Vorbereitungen... <\/h4>\n\n\n\n<div style=\"height:43px\" aria-hidden=\"true\" class=\"wp-block-spacer\"><\/div>\n\n\n\n<p class=\"has-black-color has-text-color has-link-color wp-elements-de63b8a821eaa2a9159318d0cd111b6b\" style=\"font-size:16px\">Aber was ist mit Ihnen? Wie k\u00f6nnen Sie sich um sich selbst k\u00fcmmern, damit sich die Festtage nicht nur um andere, sondern auch um Sie drehen?&nbsp;<\/p>\n\n\n\n<div style=\"height:68px\" aria-hidden=\"true\" class=\"wp-block-spacer\"><\/div>\n\n\n\n<p class=\"has-black-color has-text-color has-link-color wp-elements-8fe6e2d71ab5137e37b57b1554451ca6\" style=\"font-size:16px\">Wissen Sie, warum es so wichtig ist, in erster Linie SIE zu sein? Weil Sie nur so wirklich Ihr Bestes f\u00fcr andere geben k\u00f6nnen.<\/p>\n\n\n\n<div style=\"height:55px\" aria-hidden=\"true\" class=\"wp-block-spacer\"><\/div>\n\n\n\n<p class=\"has-black-color has-text-color has-link-color wp-elements-cf6d5b19d2897e9e0d37dcac94b89d3a\" style=\"font-size:16px\">\u2728 Die Wahrheit ist: Wenn es Ihnen selbst nicht gut geht, k\u00f6nnen Sie anderen nicht alles geben. Stellen Sie sich das wie ein Bankguthaben vor: Wenn Sie st\u00e4ndig Geld abheben und nie wieder auff\u00fcllen, wird das Guthaben fr\u00fcher oder sp\u00e4ter aufgebraucht sein. <\/p>\n\n\n\n<div style=\"height:33px\" aria-hidden=\"true\" class=\"wp-block-spacer\"><\/div>\n\n\n\n<p class=\"has-black-color has-text-color has-link-color wp-elements-c73f719709b7e6098419af4a0ed85946\" style=\"font-size:16px\">Wenn du dich nicht um dich selbst k\u00fcmmerst, dich nicht entspannst, dich nicht erholst, wie kannst du dann anderen etwas geben? <\/p>\n\n\n\n<div style=\"height:29px\" aria-hidden=\"true\" class=\"wp-block-spacer\"><\/div>\n\n\n\n<p class=\"has-black-color has-text-color has-link-color wp-elements-e74a9399aa5f9b39a75ead5511057e73\" style=\"font-size:16px\"><strong>Wie kann man Liebe, Geduld, Zeit und Aufmerksamkeit geben, wenn man keine hat, wenn man nicht emotional und k\u00f6rperlich aufgeladen ist?<\/strong><\/p>\n\n\n\n<div style=\"height:55px\" aria-hidden=\"true\" class=\"wp-block-spacer\"><\/div>\n\n\n\n<p class=\"has-black-color has-text-color has-link-color wp-elements-c374869aa203fd07c632f4d0545bde83\" style=\"font-size:16px\">\ud83d\udc96 Bei den vielen Aufgaben und Erwartungen, die in der Adventszeit auf uns zukommen, ist es vielleicht an der Zeit, sich einen Moment Zeit zu nehmen und achtsam auf sich selbst zu achten. Packen Sie nicht nur die Geschenke ein, sondern verw\u00f6hnen Sie auch Ihre eigene Seele. Wie das geht?<\/p>\n\n\n\n<div style=\"height:62px\" aria-hidden=\"true\" class=\"wp-block-spacer\"><\/div>\n\n\n\n<p class=\"has-black-color has-text-color has-link-color wp-elements-14287c4f6333069b3512178adefe684a\" style=\"font-size:16px\">\ud83e\uddd8\u200d\u2640\ufe0f Machen Sie eine Pause! Ja, Sie k\u00f6nnen es sich erlauben, ab und zu innezuhalten und einfach durchzuatmen! Ihr Leben ist kein Wettlauf, und wenn Sie innehalten, werden Sie nicht zur\u00fcckgelassen. <strong>Ausruhen ist keine Faulheit, sondern ein Ausdruck von Respekt vor sich selbst.<\/strong><\/p>\n\n\n\n<div style=\"height:75px\" aria-hidden=\"true\" class=\"wp-block-spacer\"><\/div>\n\n\n\n<p class=\"has-black-color has-text-color has-link-color wp-elements-3e569c37536995d7351efe23861f4424\" style=\"font-size:16px\">\ud83d\udca1 Lassen Sie nicht zu, dass der Festtagsrummel Ihre inneren Bed\u00fcrfnisse \u00fcberw\u00e4ltigt! Wenn Sie etwas Zeit f\u00fcr sich brauchen, g\u00f6nnen Sie sie sich. Wenn Sie das Gef\u00fchl haben, dass ein wenig Bewegung helfen k\u00f6nnte, Spannungen abzubauen, folgen Sie dem Ruf eines erfrischenden Spaziergangs in der Natur oder versuchen Sie eine beruhigende Chikung-\u00dcbung!<\/p>\n\n\n\n<div style=\"height:79px\" aria-hidden=\"true\" class=\"wp-block-spacer\"><\/div>\n\n\n\n<p class=\"has-black-color has-text-color has-link-color wp-elements-01fe0015fea4e3b85be531a85ac175bd\" style=\"font-size:16px\">\ud83c\udf31 Um anderen das meiste zu geben, musst du zuerst dir selbst das meiste geben. Die Liebe, die du anderen geben willst, musst du zuerst in dir selbst finden. Nur dann kannst du wirklich pr\u00e4sent sein und andere so lieben wie dich selbst.<\/p>\n\n\n\n<div style=\"height:76px\" aria-hidden=\"true\" class=\"wp-block-spacer\"><\/div>\n\n\n\n<p class=\"has-black-color has-text-color has-link-color wp-elements-beab92dc59e29528b5595893e89d047a\" style=\"font-size:16px\">\ud83d\udd11 Nicht vergessen: <strong>Wenn du dich selbst an die erste Stelle setzt, kannst du anderen das Beste geben, weil du die beste Qualit\u00e4t deiner Energie und Aufmerksamkeit gibst. Und wenn du leer bist, was bleibt dann \u00fcbrig? Nur Leere.<\/strong><\/p>\n\n\n\n<div style=\"height:67px\" aria-hidden=\"true\" class=\"wp-block-spacer\"><\/div>\n\n\n\n<p class=\"has-black-color has-text-color has-link-color wp-elements-1ed29f756303662281a954b0b44bd86d\" style=\"font-size:16px\">\ud83d\udcab In diesem Advent sollten Sie sich selbst an die erste Stelle setzen! G\u00f6nnen Sie sich Ruhe und Entspannung und tanken Sie neue Energie f\u00fcr die Feiertage!<\/p>\n\n\n\n<div style=\"height:67px\" aria-hidden=\"true\" class=\"wp-block-spacer\"><\/div>\n\n\n\n<p class=\"has-black-color has-text-color has-link-color wp-elements-38d55f662f5d2e38d20a39445bbdbe5e\" style=\"font-size:16px\">\ud83d\udc49 Schauen Sie sich das Video unten an, in dem ich Ihnen eine einfache, aber effektive Chikung-\u00dcbung zeige, um <strong>k\u00f6nnen Sie Ihre Energie zur\u00fcckgewinnen und den Urlaubszauber auf ausgewogene Weise erleben!<\/strong> \ud83c\udfa5<\/p>\n\n\n\n<div style=\"height:100px\" aria-hidden=\"true\" class=\"wp-block-spacer\"><\/div>\n\n\n\n<figure class=\"wp-block-video\"><video height=\"854\" style=\"aspect-ratio: 480 \/ 854;\" width=\"480\" controls src=\"https:\/\/balanceyourlife.hu\/wp-content\/uploads\/2024\/12\/Copy-of-December-9.-ai-video-.mp4\"><\/video><\/figure>\n\n\n\n<div style=\"height:100px\" aria-hidden=\"true\" class=\"wp-block-spacer\"><\/div>","protected":false},"menu_order":9,"template":"","doorcat":[],"class_list":["post-3210","door","type-door","status-publish","hentry"],"acf":[],"yoast_head":"<!-- This site is optimized with the Yoast SEO Premium plugin v27.3 (Yoast SEO v27.3) - https:\/\/yoast.com\/product\/yoast-seo-premium-wordpress\/ -->\n<title>December 9 - Balance Your Life<\/title>\n<meta name=\"robots\" content=\"index, follow, max-snippet:-1, max-image-preview:large, max-video-preview:-1\" \/>\n<link rel=\"canonical\" href=\"https:\/\/balanceyourlife.hu\/de\/door\/9\/\" \/>\n<meta property=\"og:locale\" content=\"de_DE\" \/>\n<meta property=\"og:type\" content=\"article\" \/>\n<meta property=\"og:title\" content=\"December 9\" \/>\n<meta property=\"og:description\" content=\"December 9 Legy\u00e9l te az els\u0151 \u00f6nmagad sz\u00e1m\u00e1ra, hogy m\u00e1soknak is a legt\u00f6bbet tudd adni Ebben az adventi id\u0151szakban tal\u00e1n te is \u00fagy \u00e9rezheted, hogy mindenre \u00e9s mindenkire figyelned kell \u2013 csal\u00e1d, bar\u00e1tok, munkat\u00e1rsak, aj\u00e1nd\u00e9kok, k\u00e9sz\u00fcl\u0151d\u00e9s\u2026 De mi van veled? Hogyan tudn\u00e1l saj\u00e1t magadra is figyelni, hogy az \u00fcnnepi id\u0151szak ne csak m\u00e1sokr\u00f3l sz\u00f3ljon, hanem [&hellip;]\" \/>\n<meta property=\"og:url\" content=\"https:\/\/balanceyourlife.hu\/de\/door\/9\/\" \/>\n<meta property=\"og:site_name\" content=\"Balance Your Life\" \/>\n<meta name=\"twitter:card\" content=\"summary_large_image\" \/>\n<meta name=\"twitter:label1\" content=\"Gesch\u00e4tzte Lesezeit\" \/>\n\t<meta name=\"twitter:data1\" content=\"3\u00a0Minuten\" \/>\n<script type=\"application\/ld+json\" class=\"yoast-schema-graph\">{\"@context\":\"https:\\\/\\\/schema.org\",\"@graph\":[{\"@type\":\"WebPage\",\"@id\":\"https:\\\/\\\/balanceyourlife.hu\\\/door\\\/9\\\/\",\"url\":\"https:\\\/\\\/balanceyourlife.hu\\\/door\\\/9\\\/\",\"name\":\"December 9 - Balance Your Life\",\"isPartOf\":{\"@id\":\"https:\\\/\\\/balanceyourlife.hu\\\/#website\"},\"datePublished\":\"2024-12-09T00:00:00+00:00\",\"breadcrumb\":{\"@id\":\"https:\\\/\\\/balanceyourlife.hu\\\/door\\\/9\\\/#breadcrumb\"},\"inLanguage\":\"de\",\"potentialAction\":[{\"@type\":\"ReadAction\",\"target\":[\"https:\\\/\\\/balanceyourlife.hu\\\/door\\\/9\\\/\"]}]},{\"@type\":\"BreadcrumbList\",\"@id\":\"https:\\\/\\\/balanceyourlife.hu\\\/door\\\/9\\\/#breadcrumb\",\"itemListElement\":[{\"@type\":\"ListItem\",\"position\":1,\"name\":\"Kezd\u0151lap\",\"item\":\"https:\\\/\\\/balanceyourlife.hu\\\/\"},{\"@type\":\"ListItem\",\"position\":2,\"name\":\"December 9\"}]},{\"@type\":\"WebSite\",\"@id\":\"https:\\\/\\\/balanceyourlife.hu\\\/#website\",\"url\":\"https:\\\/\\\/balanceyourlife.hu\\\/\",\"name\":\"Balance Your Life\",\"description\":\"Sud\u00e1r Beatrix - \u00c9letm\u00f3d manager\",\"potentialAction\":[{\"@type\":\"SearchAction\",\"target\":{\"@type\":\"EntryPoint\",\"urlTemplate\":\"https:\\\/\\\/balanceyourlife.hu\\\/?s={search_term_string}\"},\"query-input\":{\"@type\":\"PropertyValueSpecification\",\"valueRequired\":true,\"valueName\":\"search_term_string\"}}],\"inLanguage\":\"de\"}]}<\/script>\n<!-- \/ Yoast SEO Premium plugin. -->","yoast_head_json":{"title":"December 9 - Balance Your Life","robots":{"index":"index","follow":"follow","max-snippet":"max-snippet:-1","max-image-preview":"max-image-preview:large","max-video-preview":"max-video-preview:-1"},"canonical":"https:\/\/balanceyourlife.hu\/de\/door\/9\/","og_locale":"de_DE","og_type":"article","og_title":"December 9","og_description":"December 9 Legy\u00e9l te az els\u0151 \u00f6nmagad sz\u00e1m\u00e1ra, hogy m\u00e1soknak is a legt\u00f6bbet tudd adni Ebben az adventi id\u0151szakban tal\u00e1n te is \u00fagy \u00e9rezheted, hogy mindenre \u00e9s mindenkire figyelned kell \u2013 csal\u00e1d, bar\u00e1tok, munkat\u00e1rsak, aj\u00e1nd\u00e9kok, k\u00e9sz\u00fcl\u0151d\u00e9s\u2026 De mi van veled? Hogyan tudn\u00e1l saj\u00e1t magadra is figyelni, hogy az \u00fcnnepi id\u0151szak ne csak m\u00e1sokr\u00f3l sz\u00f3ljon, hanem [&hellip;]","og_url":"https:\/\/balanceyourlife.hu\/de\/door\/9\/","og_site_name":"Balance Your Life","twitter_card":"summary_large_image","twitter_misc":{"Gesch\u00e4tzte Lesezeit":"3\u00a0Minuten"},"schema":{"@context":"https:\/\/schema.org","@graph":[{"@type":"WebPage","@id":"https:\/\/balanceyourlife.hu\/door\/9\/","url":"https:\/\/balanceyourlife.hu\/door\/9\/","name":"December 9 - Balance Your Life","isPartOf":{"@id":"https:\/\/balanceyourlife.hu\/#website"},"datePublished":"2024-12-09T00:00:00+00:00","breadcrumb":{"@id":"https:\/\/balanceyourlife.hu\/door\/9\/#breadcrumb"},"inLanguage":"de","potentialAction":[{"@type":"ReadAction","target":["https:\/\/balanceyourlife.hu\/door\/9\/"]}]},{"@type":"BreadcrumbList","@id":"https:\/\/balanceyourlife.hu\/door\/9\/#breadcrumb","itemListElement":[{"@type":"ListItem","position":1,"name":"Kezd\u0151lap","item":"https:\/\/balanceyourlife.hu\/"},{"@type":"ListItem","position":2,"name":"December 9"}]},{"@type":"WebSite","@id":"https:\/\/balanceyourlife.hu\/#website","url":"https:\/\/balanceyourlife.hu\/","name":"Ihr Leben im Gleichgewicht","description":"Sud\u00e1r Beatrix - Lebensstil-Managerin","potentialAction":[{"@type":"SearchAction","target":{"@type":"EntryPoint","urlTemplate":"https:\/\/balanceyourlife.hu\/?s={search_term_string}"},"query-input":{"@type":"PropertyValueSpecification","valueRequired":true,"valueName":"search_term_string"}}],"inLanguage":"de"}]}},"_links":{"self":[{"href":"https:\/\/balanceyourlife.hu\/de\/wp-json\/wp\/v2\/door\/3210","targetHints":{"allow":["GET"]}}],"collection":[{"href":"https:\/\/balanceyourlife.hu\/de\/wp-json\/wp\/v2\/door"}],"about":[{"href":"https:\/\/balanceyourlife.hu\/de\/wp-json\/wp\/v2\/types\/door"}],"wp:attachment":[{"href":"https:\/\/balanceyourlife.hu\/de\/wp-json\/wp\/v2\/media?parent=3210"}],"wp:term":[{"taxonomy":"doorcat","embeddable":true,"href":"https:\/\/balanceyourlife.hu\/de\/wp-json\/wp\/v2\/doorcat?post=3210"}],"curies":[{"name":"wp","href":"https:\/\/api.w.org\/{rel}","templated":true}]}}