{"id":3203,"date":"2024-12-02T01:00:00","date_gmt":"2024-12-02T00:00:00","guid":{"rendered":"https:\/\/balanceyourlife.hu\/?post_type=door&#038;p=3203"},"modified":"2024-12-02T01:10:52","modified_gmt":"2024-12-02T00:10:52","slug":"2","status":"publish","type":"door","link":"https:\/\/balanceyourlife.hu\/de\/door\/2\/","title":{"rendered":"2. Dezember"},"content":{"rendered":"<h4 class=\"wp-block-heading has-black-color has-text-color has-link-color wp-elements-ea6485f19dda71f48db8f8c17611f3dd\" id=\"h-december-2\">2. Dezember<\/h4>\n\n\n\n<p class=\"has-black-color has-text-color has-link-color has-medium-font-size wp-elements-935af6390703627f38aab0ed8b92344a\">Immer ein kleiner Schritt. <\/p>\n\n\n\n<div style=\"height:50px\" aria-hidden=\"true\" class=\"wp-block-spacer\"><\/div>\n\n\n\n<p class=\"has-black-color has-text-color has-link-color wp-elements-984cb4fcc3bfa689898af6316e0dcf53\" style=\"font-size:16px\"><strong>Denken Sie daran, dass jede gro\u00dfe Sache mit einem kleinen Schritt beginnt.<\/strong><\/p>\n\n\n\n<div style=\"height:41px\" aria-hidden=\"true\" class=\"wp-block-spacer\"><\/div>\n\n\n\n<p class=\"has-black-color has-text-color has-link-color wp-elements-062ad74bd7e25c948ccea2804da4639f\" style=\"font-size:16px\"><strong>Zu Beginn der Adventszeit neigen wir dazu, uns zu gro\u00dfe Ziele zu setzen - und dann geht uns schnell die Luft aus. <\/strong><\/p>\n\n\n\n<p class=\"has-black-color has-text-color has-link-color wp-elements-6d04ebe144473332b35e593d466e83e2\" style=\"font-size:16px\"><\/p>\n\n\n\n<div style=\"height:38px\" aria-hidden=\"true\" class=\"wp-block-spacer\"><\/div>\n\n\n\n<p class=\"has-black-color has-text-color has-link-color wp-elements-6d04ebe144473332b35e593d466e83e2\" style=\"font-size:16px\"><\/p>\n\n\n\n<p class=\"has-black-color has-text-color has-link-color wp-elements-913e6e1d3a79a3d4bc03ddf4ba41e550\" style=\"font-size:16px\"><strong>Reicht unsere Beharrlichkeit nicht aus, oder ist das Ziel, das wir uns gesetzt haben, unzureichend?&nbsp;<\/strong><\/p>\n\n\n\n<div style=\"height:38px\" aria-hidden=\"true\" class=\"wp-block-spacer\"><\/div>\n\n\n\n<p class=\"has-black-color has-text-color has-link-color wp-elements-bbf34595b33dd0efaaf36c2fd023b6a2\" style=\"font-size:16px\">Wie auch immer man es betrachtet, das Ergebnis ist dasselbe: Wir werden lustlos, m\u00fcde und ersch\u00f6pft. <\/p>\n\n\n\n<p class=\"has-black-color has-text-color has-link-color wp-elements-6d04ebe144473332b35e593d466e83e2\" style=\"font-size:16px\"><\/p>\n\n\n\n<div style=\"height:48px\" aria-hidden=\"true\" class=\"wp-block-spacer\"><\/div>\n\n\n\n<p class=\"has-black-color has-text-color has-link-color wp-elements-6d04ebe144473332b35e593d466e83e2\" style=\"font-size:16px\"><\/p>\n\n\n\n<p class=\"has-black-color has-text-color has-link-color wp-elements-bc609e532b58ccde0e8ef4b1bed8553b\" style=\"font-size:16px\">Wie k\u00f6nnen wir <strong>den Lebensstil erfolgreich zu \u00e4ndern<\/strong> in der Adventszeit zu tun?&nbsp; <\/p>\n\n\n\n<div style=\"height:45px\" aria-hidden=\"true\" class=\"wp-block-spacer\"><\/div>\n\n\n\n<ol class=\"wp-block-list\">\n<li class=\"has-black-color has-text-color has-link-color wp-elements-bbb9ec0e784dc057421206fd0be909e7\" style=\"font-size:18px\"><strong>Steigern Sie Ihre t\u00e4gliche Bewegungszeit.<\/strong>\u00a0<img decoding=\"async\" width=\"100\" height=\"84\" class=\"wp-image-3854\" style=\"width: 100px;\" src=\"https:\/\/balanceyourlife.hu\/wp-content\/uploads\/2024\/12\/Untitled-1640-x-700-px-Facebook-Post-8.png\" alt=\"\" srcset=\"https:\/\/balanceyourlife.hu\/wp-content\/uploads\/2024\/12\/Untitled-1640-x-700-px-Facebook-Post-8.png 940w, https:\/\/balanceyourlife.hu\/wp-content\/uploads\/2024\/12\/Untitled-1640-x-700-px-Facebook-Post-8-300x251.png 300w, https:\/\/balanceyourlife.hu\/wp-content\/uploads\/2024\/12\/Untitled-1640-x-700-px-Facebook-Post-8-768x644.png 768w\" sizes=\"(max-width: 100px) 100vw, 100px\" \/><\/li>\n<\/ol>\n\n\n\n<div style=\"height:41px\" aria-hidden=\"true\" class=\"wp-block-spacer\"><\/div>\n\n\n\n<p class=\"has-black-color has-text-color has-link-color wp-elements-b8df6646edf68a3ba1c580c58e67a372\" style=\"font-size:16px\"><strong>Steigen Sie eine Haltestelle fr\u00fcher aus <\/strong>aus den \u00f6ffentlichen Verkehrsmitteln aussteigen und eine Station laufen. <strong>Ein paar zus\u00e4tzliche Schritte<\/strong> in Ihrem t\u00e4glichen Schrittz\u00e4hler.  Es ist ein kleiner Schritt, aber er macht auf lange Sicht einen gro\u00dfen Unterschied.&nbsp;<\/p>\n\n\n\n<div style=\"height:45px\" aria-hidden=\"true\" class=\"wp-block-spacer\"><\/div>\n\n\n\n<p class=\"has-black-color has-text-color has-link-color wp-elements-0fb9a705e5c083d72c1a1c608ec0b339\" style=\"font-size:16px\"><strong>15 Minuten an der frischen Luft<\/strong> auf den beleuchteten und geschm\u00fcckten Stra\u00dfen, wo das H\u00f6ren auf die eigenen Gedanken uns hilft, ein Gleichgewicht zwischen K\u00f6rper und Seele zu finden.&nbsp;<\/p>\n\n\n\n<div style=\"height:22px\" aria-hidden=\"true\" class=\"wp-block-spacer\"><\/div>\n\n\n\n<p class=\"has-black-color has-text-color has-link-color wp-elements-1dc6dcecb47396d18e878fd8a51f922a\" style=\"font-size:16px\">G\u00f6nnen Sie sich eine <strong>ein wenig Bewegung <\/strong>- kleiner Schritt, aber gro\u00dfe Ver\u00e4nderung!<\/p>\n\n\n\n<div style=\"height:70px\" aria-hidden=\"true\" class=\"wp-block-spacer\"><\/div>\n\n\n\n<p class=\"has-black-color has-text-color has-link-color wp-elements-520f45638b899a0cbfceae55696c66f7\" style=\"font-size:18px\">2. <strong>Gestalten und verbessern Sie Ihre Einkaufsgewohnheiten.&nbsp;<\/strong><img decoding=\"async\" width=\"100\" height=\"84\" class=\"wp-image-3858\" style=\"width: 100px;\" src=\"https:\/\/balanceyourlife.hu\/wp-content\/uploads\/2024\/12\/Untitled-1640-x-700-px-Facebook-Post-9.png\" alt=\"\" srcset=\"https:\/\/balanceyourlife.hu\/wp-content\/uploads\/2024\/12\/Untitled-1640-x-700-px-Facebook-Post-9.png 940w, https:\/\/balanceyourlife.hu\/wp-content\/uploads\/2024\/12\/Untitled-1640-x-700-px-Facebook-Post-9-300x251.png 300w, https:\/\/balanceyourlife.hu\/wp-content\/uploads\/2024\/12\/Untitled-1640-x-700-px-Facebook-Post-9-768x644.png 768w\" sizes=\"(max-width: 100px) 100vw, 100px\" \/><\/p>\n\n\n\n<p><\/p>\n\n\n\n<div style=\"height:29px\" aria-hidden=\"true\" class=\"wp-block-spacer\"><\/div>\n\n\n\n<p class=\"has-black-color has-text-color has-link-color wp-elements-c3b0db70465b15c78b3563ba254eef6f\" style=\"font-size:16px\">Kaufen Sie Tiefk\u00fchlgem\u00fcse statt Konserven (wenn Sie kein frisches Gem\u00fcse haben)<\/p>\n\n\n\n<div style=\"height:29px\" aria-hidden=\"true\" class=\"wp-block-spacer\"><\/div>\n\n\n\n<p class=\"has-black-color has-text-color has-link-color wp-elements-946ced6722a4f9d79372d25368d33127\" style=\"font-size:16px\"><br>Sie k\u00f6nnen auch ein festliches Abendessen zubereiten, indem Sie die Bohnen aus der Dose ersetzen durch <strong>konservierungsmittelfreies Tiefk\u00fchlgem\u00fcse <\/strong>Sie w\u00e4hlen.<\/p>\n\n\n\n<div style=\"height:43px\" aria-hidden=\"true\" class=\"wp-block-spacer\"><\/div>\n\n\n\n<p class=\"has-black-color has-text-color has-link-color wp-elements-60aa0c162461485a168fdff78f43e0c2\" style=\"font-size:16px\">Das ist nicht nur leckerer, sondern auch ges\u00fcnder.&nbsp;<\/p>\n\n\n\n<div style=\"height:22px\" aria-hidden=\"true\" class=\"wp-block-spacer\"><\/div>\n\n\n\n<p class=\"has-black-color has-text-color has-link-color wp-elements-78ed786829bb970acb6283c8369f0219\" style=\"font-size:16px\">&nbsp;Eine kleine Entscheidung kann einen gro\u00dfen Unterschied bei der Aufrechterhaltung des Gleichgewichts Ihrer Darmflora bewirken.&nbsp;<\/p>\n\n\n\n<div style=\"height:31px\" aria-hidden=\"true\" class=\"wp-block-spacer\"><\/div>\n\n\n\n<p class=\"has-black-color has-text-color has-link-color wp-elements-e36f7b5c16562912a7668dd465b63698\" style=\"font-size:18px\"><strong>3. die Zeit, die Sie mit Ihren Lieben verbringen, zu erh\u00f6hen<\/strong><\/p>\n\n\n\n<div style=\"height:51px\" aria-hidden=\"true\" class=\"wp-block-spacer\"><\/div>\n\n\n\n<p class=\"has-black-color has-text-color has-link-color wp-elements-1ff19bce80a58c154ac685dc1880b237\" style=\"font-size:16px\">&nbsp;Ein kreatives Adventsgeschenk f\u00fcr die ganze Familie!<\/p>\n\n\n\n<div style=\"height:23px\" aria-hidden=\"true\" class=\"wp-block-spacer\"><\/div>\n\n\n\n<p class=\"has-black-color has-text-color has-link-color wp-elements-fab335487fa5be55cee920714f8e0452\" style=\"font-size:16px\"><br><strong>Nehmen Sie ein leeres Gef\u00e4\u00df<\/strong> <img decoding=\"async\" width=\"100\" height=\"84\" class=\"wp-image-3857\" style=\"width: 100px;\" src=\"https:\/\/balanceyourlife.hu\/wp-content\/uploads\/2024\/12\/Untitled-1640-x-700-px-Facebook-Post-5.png\" alt=\"\" srcset=\"https:\/\/balanceyourlife.hu\/wp-content\/uploads\/2024\/12\/Untitled-1640-x-700-px-Facebook-Post-5.png 940w, https:\/\/balanceyourlife.hu\/wp-content\/uploads\/2024\/12\/Untitled-1640-x-700-px-Facebook-Post-5-300x251.png 300w, https:\/\/balanceyourlife.hu\/wp-content\/uploads\/2024\/12\/Untitled-1640-x-700-px-Facebook-Post-5-768x644.png 768w\" sizes=\"(max-width: 100px) 100vw, 100px\" \/>und binden Sie eine farbenfrohe, festliche Schleife - rot, gold oder sogar glitzernd - um ihm ein echtes Weihnachtsgef\u00fchl zu verleihen!&nbsp;<\/p>\n\n\n\n<div style=\"height:40px\" aria-hidden=\"true\" class=\"wp-block-spacer\"><\/div>\n\n\n\n<p class=\"has-black-color has-text-color has-link-color wp-elements-36c1b50523a4af4dbeac07b459d2ba69\" style=\"font-size:16px\">Du k\u00f6nntest ihm zum Beispiel einen magischen Namen geben: <em>\"Eine Flasche mit festlicher Stimmung\".<\/em> Stellen Sie es im Wohnzimmer oder an einem zentralen Ort auf - in einem Regal, auf dem Couchtisch oder sogar auf dem Kaminsims -, so dass es f\u00fcr alle leicht zug\u00e4nglich ist.<\/p>\n\n\n\n<div style=\"height:30px\" aria-hidden=\"true\" class=\"wp-block-spacer\"><\/div>\n\n\n\n<p class=\"has-black-color has-text-color has-link-color wp-elements-2dabf7bde8c6bcb1df87fc7eb4523792\" style=\"font-size:16px\">Anh\u00e4ngen einer <strong>kleiner Notizblock<\/strong> <img loading=\"lazy\" decoding=\"async\" width=\"150\" height=\"126\" class=\"wp-image-3856\" style=\"width: 150px;\" src=\"https:\/\/balanceyourlife.hu\/wp-content\/uploads\/2024\/12\/Untitled-1640-x-700-px-Facebook-Post-6.png\" alt=\"\" srcset=\"https:\/\/balanceyourlife.hu\/wp-content\/uploads\/2024\/12\/Untitled-1640-x-700-px-Facebook-Post-6.png 940w, https:\/\/balanceyourlife.hu\/wp-content\/uploads\/2024\/12\/Untitled-1640-x-700-px-Facebook-Post-6-300x251.png 300w, https:\/\/balanceyourlife.hu\/wp-content\/uploads\/2024\/12\/Untitled-1640-x-700-px-Facebook-Post-6-768x644.png 768w\" sizes=\"(max-width: 150px) 100vw, 150px\" \/>die auch weihnachtlich gestaltet sein k\u00f6nnen, und ein paar bunte Stifte oder Marker.&nbsp;<\/p>\n\n\n\n<div style=\"height:100px\" aria-hidden=\"true\" class=\"wp-block-spacer\"><\/div>\n\n\n\n<p class=\"has-black-color has-text-color has-link-color wp-elements-f4658325bb5fb75f1779d4f7665bddd8\" style=\"font-size:16px\">Die Aufgabe besteht darin, den Satz zu beenden: \"<strong>Eine gute Sache, die mir heute passiert ist, ist, dass...<\/strong>\"<\/p>\n\n\n\n<div style=\"height:100px\" aria-hidden=\"true\" class=\"wp-block-spacer\"><\/div>\n\n\n\n<p class=\"has-black-color has-text-color has-link-color wp-elements-4b93fb50df47c3c41551e9fca9081475\" style=\"font-size:16px\">A <strong>Magie<\/strong> beginnt hier: diese kleinen <strong>Nachrichten in die Flasche werfen<\/strong>.<\/p>\n\n\n\n<div style=\"height:77px\" aria-hidden=\"true\" class=\"wp-block-spacer\"><\/div>\n\n\n\n<p class=\"has-black-color has-text-color has-link-color wp-elements-3b27689179e58ebc435a69db4196bffa\" style=\"font-size:16px\">Der Punkt ist, dass nichts verpflichtend ist, wenn man einen Tag verpasst, ist das kein Problem, und an Weihnachten sind wir besonders vorsichtig, was wir tun und was wir erwarten, nicht aus Notwendigkeit, sondern mit Freude. \ud83d\ude0a<\/p>\n\n\n\n<div style=\"height:100px\" aria-hidden=\"true\" class=\"wp-block-spacer\"><\/div>\n\n\n\n<p class=\"has-black-color has-text-color has-link-color wp-elements-41dd113ec60fcdb60088f4722c23b6ad\" style=\"font-size:16px\"><strong>Zu Weihnachten<\/strong> die Flasche \u00f6ffnen, und <strong>es lesen<\/strong> der Cetlik!&nbsp;<img loading=\"lazy\" decoding=\"async\" width=\"200\" height=\"168\" class=\"wp-image-3855\" style=\"width: 200px;\" src=\"https:\/\/balanceyourlife.hu\/wp-content\/uploads\/2024\/12\/Untitled-1640-x-700-px-Facebook-Post-7.png\" alt=\"\" srcset=\"https:\/\/balanceyourlife.hu\/wp-content\/uploads\/2024\/12\/Untitled-1640-x-700-px-Facebook-Post-7.png 940w, https:\/\/balanceyourlife.hu\/wp-content\/uploads\/2024\/12\/Untitled-1640-x-700-px-Facebook-Post-7-300x251.png 300w, https:\/\/balanceyourlife.hu\/wp-content\/uploads\/2024\/12\/Untitled-1640-x-700-px-Facebook-Post-7-768x644.png 768w\" sizes=\"(max-width: 200px) 100vw, 200px\" \/><\/p>\n\n\n\n<div style=\"height:44px\" aria-hidden=\"true\" class=\"wp-block-spacer\"><\/div>\n\n\n\n<p class=\"has-black-color has-text-color has-link-color wp-elements-5c4788b457a61d3d399605a1c4783cbf\" style=\"font-size:16px\">Wird sein <strong>Lachen<\/strong>, <strong>ber\u00fchren.<\/strong> und viele, viele Geschichten.<\/p>\n\n\n\n<div style=\"height:106px\" aria-hidden=\"true\" class=\"wp-block-spacer\"><\/div>","protected":false},"menu_order":2,"template":"","doorcat":[],"class_list":["post-3203","door","type-door","status-publish","hentry"],"acf":[],"yoast_head":"<!-- This site is optimized with the Yoast SEO Premium plugin v27.3 (Yoast SEO v27.3) - https:\/\/yoast.com\/product\/yoast-seo-premium-wordpress\/ -->\n<title>December 2 - Balance Your Life<\/title>\n<meta name=\"robots\" content=\"index, follow, max-snippet:-1, max-image-preview:large, max-video-preview:-1\" \/>\n<link rel=\"canonical\" href=\"https:\/\/balanceyourlife.hu\/de\/door\/2\/\" \/>\n<meta property=\"og:locale\" content=\"de_DE\" \/>\n<meta property=\"og:type\" content=\"article\" \/>\n<meta property=\"og:title\" content=\"December 2\" \/>\n<meta property=\"og:description\" content=\"December 2 Mindig egy apr\u00f3 l\u00e9p\u00e9s. Ne feledd, minden nagy dolog egy apr\u00f3 l\u00e9p\u00e9ssel kezd\u0151dik. Az adventi id\u0151szak elej\u00e9n hajlamosak vagyunk t\u00fal nagy c\u00e9lokat kit\u0171zni magunk el\u00e9 \u2013 azt\u00e1n hamar kifulladunk. Vajon a kitart\u00e1sunk nem elegend\u0151, vagy a c\u00e9l amit kit\u0171zt\u00fcnk nem megfelel\u0151?&nbsp; Ak\u00e1rhonnan is n\u00e9zz\u00fck az eredm\u00e9ny ugyanaz, hogy mi kedvetlenek, f\u00e1radtak \u00e9s kimer\u00fcltek [&hellip;]\" \/>\n<meta property=\"og:url\" content=\"https:\/\/balanceyourlife.hu\/de\/door\/2\/\" \/>\n<meta property=\"og:site_name\" content=\"Balance Your Life\" \/>\n<meta property=\"article:modified_time\" content=\"2024-12-02T00:10:52+00:00\" \/>\n<meta property=\"og:image\" content=\"https:\/\/balanceyourlife.hu\/wp-content\/uploads\/2024\/12\/Untitled-1640-x-700-px-Facebook-Post-8.png\" \/>\n\t<meta property=\"og:image:width\" content=\"940\" \/>\n\t<meta property=\"og:image:height\" content=\"788\" \/>\n\t<meta property=\"og:image:type\" content=\"image\/png\" \/>\n<meta name=\"twitter:card\" content=\"summary_large_image\" \/>\n<meta name=\"twitter:label1\" content=\"Gesch\u00e4tzte Lesezeit\" \/>\n\t<meta name=\"twitter:data1\" content=\"3\u00a0Minuten\" \/>\n<script type=\"application\/ld+json\" class=\"yoast-schema-graph\">{\"@context\":\"https:\\\/\\\/schema.org\",\"@graph\":[{\"@type\":\"WebPage\",\"@id\":\"https:\\\/\\\/balanceyourlife.hu\\\/door\\\/2\\\/\",\"url\":\"https:\\\/\\\/balanceyourlife.hu\\\/door\\\/2\\\/\",\"name\":\"December 2 - Balance Your Life\",\"isPartOf\":{\"@id\":\"https:\\\/\\\/balanceyourlife.hu\\\/#website\"},\"primaryImageOfPage\":{\"@id\":\"https:\\\/\\\/balanceyourlife.hu\\\/door\\\/2\\\/#primaryimage\"},\"image\":{\"@id\":\"https:\\\/\\\/balanceyourlife.hu\\\/door\\\/2\\\/#primaryimage\"},\"thumbnailUrl\":\"https:\\\/\\\/balanceyourlife.hu\\\/wp-content\\\/uploads\\\/2024\\\/12\\\/Untitled-1640-x-700-px-Facebook-Post-8.png\",\"datePublished\":\"2024-12-02T00:00:00+00:00\",\"dateModified\":\"2024-12-02T00:10:52+00:00\",\"breadcrumb\":{\"@id\":\"https:\\\/\\\/balanceyourlife.hu\\\/door\\\/2\\\/#breadcrumb\"},\"inLanguage\":\"de\",\"potentialAction\":[{\"@type\":\"ReadAction\",\"target\":[\"https:\\\/\\\/balanceyourlife.hu\\\/door\\\/2\\\/\"]}]},{\"@type\":\"ImageObject\",\"inLanguage\":\"de\",\"@id\":\"https:\\\/\\\/balanceyourlife.hu\\\/door\\\/2\\\/#primaryimage\",\"url\":\"https:\\\/\\\/balanceyourlife.hu\\\/wp-content\\\/uploads\\\/2024\\\/12\\\/Untitled-1640-x-700-px-Facebook-Post-8.png\",\"contentUrl\":\"https:\\\/\\\/balanceyourlife.hu\\\/wp-content\\\/uploads\\\/2024\\\/12\\\/Untitled-1640-x-700-px-Facebook-Post-8.png\"},{\"@type\":\"BreadcrumbList\",\"@id\":\"https:\\\/\\\/balanceyourlife.hu\\\/door\\\/2\\\/#breadcrumb\",\"itemListElement\":[{\"@type\":\"ListItem\",\"position\":1,\"name\":\"Kezd\u0151lap\",\"item\":\"https:\\\/\\\/balanceyourlife.hu\\\/\"},{\"@type\":\"ListItem\",\"position\":2,\"name\":\"December 2\"}]},{\"@type\":\"WebSite\",\"@id\":\"https:\\\/\\\/balanceyourlife.hu\\\/#website\",\"url\":\"https:\\\/\\\/balanceyourlife.hu\\\/\",\"name\":\"Balance Your Life\",\"description\":\"Sud\u00e1r Beatrix - \u00c9letm\u00f3d manager\",\"potentialAction\":[{\"@type\":\"SearchAction\",\"target\":{\"@type\":\"EntryPoint\",\"urlTemplate\":\"https:\\\/\\\/balanceyourlife.hu\\\/?s={search_term_string}\"},\"query-input\":{\"@type\":\"PropertyValueSpecification\",\"valueRequired\":true,\"valueName\":\"search_term_string\"}}],\"inLanguage\":\"de\"}]}<\/script>\n<!-- \/ Yoast SEO Premium plugin. -->","yoast_head_json":{"title":"December 2 - Balance Your Life","robots":{"index":"index","follow":"follow","max-snippet":"max-snippet:-1","max-image-preview":"max-image-preview:large","max-video-preview":"max-video-preview:-1"},"canonical":"https:\/\/balanceyourlife.hu\/de\/door\/2\/","og_locale":"de_DE","og_type":"article","og_title":"December 2","og_description":"December 2 Mindig egy apr\u00f3 l\u00e9p\u00e9s. Ne feledd, minden nagy dolog egy apr\u00f3 l\u00e9p\u00e9ssel kezd\u0151dik. Az adventi id\u0151szak elej\u00e9n hajlamosak vagyunk t\u00fal nagy c\u00e9lokat kit\u0171zni magunk el\u00e9 \u2013 azt\u00e1n hamar kifulladunk. Vajon a kitart\u00e1sunk nem elegend\u0151, vagy a c\u00e9l amit kit\u0171zt\u00fcnk nem megfelel\u0151?&nbsp; Ak\u00e1rhonnan is n\u00e9zz\u00fck az eredm\u00e9ny ugyanaz, hogy mi kedvetlenek, f\u00e1radtak \u00e9s kimer\u00fcltek [&hellip;]","og_url":"https:\/\/balanceyourlife.hu\/de\/door\/2\/","og_site_name":"Balance Your Life","article_modified_time":"2024-12-02T00:10:52+00:00","og_image":[{"width":940,"height":788,"url":"https:\/\/balanceyourlife.hu\/wp-content\/uploads\/2024\/12\/Untitled-1640-x-700-px-Facebook-Post-8.png","type":"image\/png"}],"twitter_card":"summary_large_image","twitter_misc":{"Gesch\u00e4tzte Lesezeit":"3\u00a0Minuten"},"schema":{"@context":"https:\/\/schema.org","@graph":[{"@type":"WebPage","@id":"https:\/\/balanceyourlife.hu\/door\/2\/","url":"https:\/\/balanceyourlife.hu\/door\/2\/","name":"December 2 - Balance Your Life","isPartOf":{"@id":"https:\/\/balanceyourlife.hu\/#website"},"primaryImageOfPage":{"@id":"https:\/\/balanceyourlife.hu\/door\/2\/#primaryimage"},"image":{"@id":"https:\/\/balanceyourlife.hu\/door\/2\/#primaryimage"},"thumbnailUrl":"https:\/\/balanceyourlife.hu\/wp-content\/uploads\/2024\/12\/Untitled-1640-x-700-px-Facebook-Post-8.png","datePublished":"2024-12-02T00:00:00+00:00","dateModified":"2024-12-02T00:10:52+00:00","breadcrumb":{"@id":"https:\/\/balanceyourlife.hu\/door\/2\/#breadcrumb"},"inLanguage":"de","potentialAction":[{"@type":"ReadAction","target":["https:\/\/balanceyourlife.hu\/door\/2\/"]}]},{"@type":"ImageObject","inLanguage":"de","@id":"https:\/\/balanceyourlife.hu\/door\/2\/#primaryimage","url":"https:\/\/balanceyourlife.hu\/wp-content\/uploads\/2024\/12\/Untitled-1640-x-700-px-Facebook-Post-8.png","contentUrl":"https:\/\/balanceyourlife.hu\/wp-content\/uploads\/2024\/12\/Untitled-1640-x-700-px-Facebook-Post-8.png"},{"@type":"BreadcrumbList","@id":"https:\/\/balanceyourlife.hu\/door\/2\/#breadcrumb","itemListElement":[{"@type":"ListItem","position":1,"name":"Kezd\u0151lap","item":"https:\/\/balanceyourlife.hu\/"},{"@type":"ListItem","position":2,"name":"December 2"}]},{"@type":"WebSite","@id":"https:\/\/balanceyourlife.hu\/#website","url":"https:\/\/balanceyourlife.hu\/","name":"Ihr Leben im Gleichgewicht","description":"Sud\u00e1r Beatrix - Lebensstil-Managerin","potentialAction":[{"@type":"SearchAction","target":{"@type":"EntryPoint","urlTemplate":"https:\/\/balanceyourlife.hu\/?s={search_term_string}"},"query-input":{"@type":"PropertyValueSpecification","valueRequired":true,"valueName":"search_term_string"}}],"inLanguage":"de"}]}},"_links":{"self":[{"href":"https:\/\/balanceyourlife.hu\/de\/wp-json\/wp\/v2\/door\/3203","targetHints":{"allow":["GET"]}}],"collection":[{"href":"https:\/\/balanceyourlife.hu\/de\/wp-json\/wp\/v2\/door"}],"about":[{"href":"https:\/\/balanceyourlife.hu\/de\/wp-json\/wp\/v2\/types\/door"}],"wp:attachment":[{"href":"https:\/\/balanceyourlife.hu\/de\/wp-json\/wp\/v2\/media?parent=3203"}],"wp:term":[{"taxonomy":"doorcat","embeddable":true,"href":"https:\/\/balanceyourlife.hu\/de\/wp-json\/wp\/v2\/doorcat?post=3203"}],"curies":[{"name":"wp","href":"https:\/\/api.w.org\/{rel}","templated":true}]}}